{"id":4512,"date":"2019-12-06T14:02:07","date_gmt":"2019-12-06T16:02:07","guid":{"rendered":"https:\/\/www.saopauloexpo.com.br\/pt\/?page_id=4512"},"modified":"2022-08-18T16:18:10","modified_gmt":"2022-08-18T19:18:10","slug":"destino-salvador","status":"publish","type":"page","link":"https:\/\/www.saopauloexpo.com.br\/pt\/destino-salvador\/","title":{"rendered":"Destino Salvador"},"content":{"rendered":"<div class=\"wpb-content-wrapper\"><p>[vc_row css_animation=&#8221;&#8221; row_type=&#8221;row&#8221; use_row_as_full_screen_section=&#8221;no&#8221; type=&#8221;full_width&#8221; angled_section=&#8221;no&#8221; text_align=&#8221;left&#8221; background_image=&#8221;4549&#8243; background_image_as_pattern=&#8221;without_pattern&#8221; z_index=&#8221;&#8221;][vc_column][vc_empty_space height=&#8221;350px&#8221;][vc_row_inner row_type=&#8221;row&#8221; type=&#8221;full_width&#8221; text_align=&#8221;left&#8221; css_animation=&#8221;&#8221; css=&#8221;.vc_custom_1555965932490{background-color: rgba(216,215,219,0.95) !important;*background-color: rgb(216,215,219) !important;}&#8221;][vc_column_inner width=&#8221;1\/12&#8243;][\/vc_column_inner][vc_column_inner width=&#8221;10\/12&#8243;][vc_empty_space height=&#8221;50px&#8221;][vc_column_text]<\/p>\n<h1 class=\"topo-titulo\">DESTINO SALVADOR<\/h1>\n<p>[\/vc_column_text][vc_separator type=&#8221;normal&#8221; color=&#8221;#333333&#8243; el_class=&#8221;divisor-preto-curto&#8221;][vc_column_text]<\/p>\n<p class=\"texto-topo\" style=\"text-align: center;\"><strong>J\u00e1 pensou fazer seu evento na quarta maior metr\u00f3pole do Brasil, famosa por seus pontos tur\u00edsticos repletos de hist\u00f3ria e cultura?<\/strong><\/p>\n<p>[\/vc_column_text][vc_empty_space height=&#8221;10px&#8221;][vc_column_text]<\/p>\n<p style=\"text-align: center; max-width: 900px; margin: 0 auto; margin-top: 15px;\">Fundada em 1549, Salvador foi a primeira capital do pa\u00eds por mais de 200 anos e carrega fortes contrastes em sua cultura. A cidade abriga um lindo centro hist\u00f3rico considerado o maior conjunto arquitet\u00f4nico colonial do Brasil e reconhecido como Patrim\u00f4nio Cultural da Humanidade pela UNESCO.<\/p>\n<p>[\/vc_column_text][vc_empty_space height=&#8221;50px&#8221;][\/vc_column_inner][vc_column_inner width=&#8221;1\/12&#8243;][\/vc_column_inner][\/vc_row_inner][\/vc_column][\/vc_row][vc_row css_animation=&#8221;&#8221; row_type=&#8221;row&#8221; use_row_as_full_screen_section=&#8221;no&#8221; type=&#8221;grid&#8221; angled_section=&#8221;no&#8221; text_align=&#8221;left&#8221; background_image_as_pattern=&#8221;without_pattern&#8221; z_index=&#8221;&#8221;][vc_column][vc_empty_space height=&#8221;100px&#8221;][vc_column_text]<\/p>\n<h1 class=\"topo-titulo\"><strong>Um lugar lindo, capaz de sediar eventos memor\u00e1veis!<\/strong><\/h1>\n<p>[\/vc_column_text][vc_separator type=&#8221;normal&#8221; color=&#8221;#333333&#8243; el_class=&#8221;divisor-preto-curto&#8221;][vc_column_text]<\/p>\n<p style=\"text-align: center; max-width: 850px; margin: 0 auto; margin-top: 15px;\">Em breve, uma nova venue da GL events passa a operar na capital da Bahia. Conhe\u00e7a mais sobre os destaques da cidade e tudo que ela pode oferecer para voc\u00ea realizar um grande evento.<\/p>\n<p>[\/vc_column_text][vc_empty_space height=&#8221;100px&#8221;][\/vc_column][\/vc_row][vc_row css_animation=&#8221;&#8221; row_type=&#8221;row&#8221; use_row_as_full_screen_section=&#8221;no&#8221; type=&#8221;grid&#8221; angled_section=&#8221;no&#8221; text_align=&#8221;left&#8221; background_image_as_pattern=&#8221;without_pattern&#8221; z_index=&#8221;&#8221;][vc_column width=&#8221;1\/4&#8243;][vc_single_image image=&#8221;4521&#8243; img_size=&#8221;full&#8221; qode_css_animation=&#8221;&#8221;][vc_column_text]<\/p>\n<div class=\"legenda-container\">\n<p class=\"legenda-texto\">Uma das mais belas cidades hist\u00f3ricas do Brasil<\/p>\n<\/div>\n<p>[\/vc_column_text][vc_empty_space height=&#8221;20px&#8221;][\/vc_column][vc_column width=&#8221;1\/4&#8243;][vc_single_image image=&#8221;4522&#8243; img_size=&#8221;full&#8221; qode_css_animation=&#8221;&#8221;][vc_column_text]<\/p>\n<div class=\"legenda-container\">\n<p class=\"legenda-texto\">3\u00aa melhor praia do mundo segundo o The Guardian<\/p>\n<\/div>\n<p>[\/vc_column_text][vc_empty_space height=&#8221;20px&#8221;][\/vc_column][vc_column width=&#8221;1\/4&#8243;][vc_single_image image=&#8221;4523&#8243; img_size=&#8221;full&#8221; qode_css_animation=&#8221;&#8221;][vc_column_text]<\/p>\n<div class=\"legenda-container\">\n<p class=\"legenda-texto\">Mais de 2 milh\u00f5es de habitantes<\/p>\n<\/div>\n<p>[\/vc_column_text][vc_empty_space height=&#8221;20px&#8221;][\/vc_column][vc_column width=&#8221;1\/4&#8243;][vc_single_image image=&#8221;4524&#8243; img_size=&#8221;full&#8221; qode_css_animation=&#8221;&#8221;][vc_column_text]<\/p>\n<div class=\"legenda-container\">\n<p class=\"legenda-texto\">Possui o Carnaval mais famoso do Mundo<\/p>\n<\/div>\n<p>[\/vc_column_text][vc_empty_space height=&#8221;20px&#8221;][\/vc_column][\/vc_row][vc_row css_animation=&#8221;&#8221; row_type=&#8221;row&#8221; use_row_as_full_screen_section=&#8221;no&#8221; type=&#8221;grid&#8221; angled_section=&#8221;no&#8221; text_align=&#8221;left&#8221; background_image_as_pattern=&#8221;without_pattern&#8221; z_index=&#8221;&#8221;][vc_column][vc_empty_space height=&#8221;50px&#8221;][\/vc_column][\/vc_row][vc_row css_animation=&#8221;&#8221; row_type=&#8221;row&#8221; use_row_as_full_screen_section=&#8221;no&#8221; type=&#8221;grid&#8221; angled_section=&#8221;no&#8221; text_align=&#8221;left&#8221; background_image_as_pattern=&#8221;without_pattern&#8221; z_index=&#8221;&#8221;][vc_column width=&#8221;1\/2&#8243;][vc_single_image image=&#8221;4531&#8243; img_size=&#8221;full&#8221; qode_css_animation=&#8221;&#8221;][vc_raw_html]JTNDZGl2JTIwY2xhc3MlM0QlMjJsZWdlbmRhLWNvbnRhaW5lciUyMiUyMHN0eWxlJTNEJTIyYmFja2dyb3VuZC1jb2xvciUzQSUyMCUyM0ZGRiUzQndpZHRoJTNBJTIwMTAwJTI1JTNCJTIwcGFkZGluZy1ib3R0b20lM0ElMjAyMHB4JTNCbWluLWhlaWdodCUzQSUyMDkwcHglM0IlMjIlM0UlMEElM0NkaXYlMjBjbGFzcyUzRCUyMnNlcGFyYXRvciUyMCUyMHNtYWxsJTIwY2VudGVyJTIwJTIwJTIyJTIwc3R5bGUlM0QlMjJtYXJnaW4tdG9wJTNBJTIwMjBweCUzQm1hcmdpbi1ib3R0b20lM0ElMjAxNXB4JTNCYmFja2dyb3VuZC1jb2xvciUzQSUyMCUyM2RlMDMxMyUzQmhlaWdodCUzQSUyMDRweCUzQndpZHRoJTNBJTIwNjBweCUzQiUyMiUzRSUzQyUyRmRpdiUzRSUwQSUzQ3AlMjBjbGFzcyUzRCUyMmxlZ2VuZGEtdGV4dG8lMjIlMjBzdHlsZSUzRCUyMndpZHRoJTNBJTIwMTAwJTI1JTNCZmxvYXQlM0ElMjBsZWZ0JTNCcGFkZGluZyUzQSUyMDAlM0IlMjIlM0VVbSUyMGVzcGElQzMlQTdvJTIwcXVlJTIwdW5lJTIwYmVsZXphJTJDJTIwcmVxdWludGUlMjBlJTIwdW1hJTIwYW1wbGElMjBpbmZyYWVzdHJ1dHVyYSUyMHBhcmElMjBzZWRpYXIlMjBkaWZlcmVudGVzJTIwdGlwb3MlMjBkZSUyMGV2ZW50b3MuJTIwJTNDJTJGcCUzRSUwQSUwQSUzQyUyRmRpdiUzRQ==[\/vc_raw_html][vc_empty_space height=&#8221;20px&#8221;][\/vc_column][vc_column width=&#8221;1\/2&#8243;][vc_single_image image=&#8221;4535&#8243; img_size=&#8221;full&#8221; qode_css_animation=&#8221;&#8221;][vc_raw_html]JTNDZGl2JTIwY2xhc3MlM0QlMjJsZWdlbmRhLWNvbnRhaW5lciUyMiUyMHN0eWxlJTNEJTIyYmFja2dyb3VuZC1jb2xvciUzQSUyMCUyM0ZGRiUzQndpZHRoJTNBJTIwMTAwJTI1JTNCJTIwcGFkZGluZy1ib3R0b20lM0ElMjAyMHB4JTNCbWluLWhlaWdodCUzQSUyMDkwcHglM0IlMjIlM0UlMEElM0NkaXYlMjBjbGFzcyUzRCUyMnNlcGFyYXRvciUyMCUyMHNtYWxsJTIwY2VudGVyJTIwJTIwJTIyJTIwc3R5bGUlM0QlMjJtYXJnaW4tdG9wJTNBJTIwMjBweCUzQm1hcmdpbi1ib3R0b20lM0ElMjAxNXB4JTNCYmFja2dyb3VuZC1jb2xvciUzQSUyMCUyM2RlMDMxMyUzQmhlaWdodCUzQSUyMDRweCUzQndpZHRoJTNBJTIwNjBweCUzQiUyMiUzRSUzQyUyRmRpdiUzRSUwQSUzQ3AlMjBjbGFzcyUzRCUyMmxlZ2VuZGEtdGV4dG8lMjIlMjBzdHlsZSUzRCUyMndpZHRoJTNBJTIwMTAwJTI1JTNCZmxvYXQlM0ElMjBsZWZ0JTNCcGFkZGluZyUzQSUyMDAlM0IlMjIlM0VDYXBhY2lkYWRlJTIwcGFyYSUyMHJlY2ViZXIlMjBtYWlzJTIwZGUlMjAzMCUyMG1pbCUyMHBlc3NvYXMlMjBjb20lMjBjb25mb3J0byUyMGUlMjBjb21vZGlkYWRlLiUyMCUzQyUyRnAlM0UlMEElMEElM0MlMkZkaXYlM0U=[\/vc_raw_html][vc_empty_space height=&#8221;20px&#8221;][\/vc_column][\/vc_row][vc_row css_animation=&#8221;&#8221; row_type=&#8221;row&#8221; use_row_as_full_screen_section=&#8221;no&#8221; type=&#8221;grid&#8221; angled_section=&#8221;no&#8221; text_align=&#8221;center&#8221; background_image_as_pattern=&#8221;without_pattern&#8221; z_index=&#8221;&#8221;][vc_column width=&#8221;1\/12&#8243;][\/vc_column][vc_column width=&#8221;10\/12&#8243;][vc_empty_space height=&#8221;40px&#8221;][vc_column_text]O Centro de Conven\u00e7\u00f5es de Salvador est\u00e1 previsto para ser inaugurado em Janeiro de 2020, e apresentar\u00e1 um espa\u00e7o completo com diferentes servi\u00e7os para atender feiras, congressos, shows, entre outros tipos de eventos.[\/vc_column_text][vc_empty_space height=&#8221;36px&#8221;][\/vc_column][vc_column width=&#8221;1\/12&#8243;][\/vc_column][\/vc_row][vc_row css_animation=&#8221;&#8221; row_type=&#8221;row&#8221; use_row_as_full_screen_section=&#8221;no&#8221; type=&#8221;grid&#8221; angled_section=&#8221;no&#8221; text_align=&#8221;left&#8221; background_image_as_pattern=&#8221;without_pattern&#8221; z_index=&#8221;&#8221;][vc_column][vc_empty_space height=&#8221;36px&#8221;]<div style=\"visibility: hidden;\" id=\"carousel-anything-1\" class=\"gambit-carousel-anything carousel-anything-container owl-ca-carousel  has-arrows ca-equal-height\" data-slide-anim=\"\" data-rtl=\"false\" data-items=\"1\"data-totalitems=\"0\" data-scroll_per_page=\"\" data-autoplay=\"5000\"data-items-tablet=\"1\" data-items-mobile=\"1\" data-stop-on-hover=\"\" data-speed-scroll=\"800\" data-speed-rewind=\"1000\"data-thumbnails=\"arrow\" data-navigation=\"true\" data-touchdrag=\"false\" data-keyboard=\"false\" data-alignment=\"50\"data-start=\"0\">[vc_row_inner row_type=&#8221;row&#8221; type=&#8221;full_width&#8221; text_align=&#8221;left&#8221; css_animation=&#8221;&#8221;][vc_column_inner][vc_single_image image=&#8221;4537&#8243; img_size=&#8221;full&#8221; qode_css_animation=&#8221;&#8221;][\/vc_column_inner][\/vc_row_inner][vc_row_inner row_type=&#8221;row&#8221; type=&#8221;full_width&#8221; text_align=&#8221;left&#8221; css_animation=&#8221;&#8221;][vc_column_inner][vc_single_image image=&#8221;4538&#8243; img_size=&#8221;full&#8221; qode_css_animation=&#8221;&#8221;][\/vc_column_inner][\/vc_row_inner][vc_row_inner row_type=&#8221;row&#8221; type=&#8221;full_width&#8221; text_align=&#8221;left&#8221; css_animation=&#8221;&#8221;][vc_column_inner][vc_single_image image=&#8221;4539&#8243; img_size=&#8221;full&#8221; qode_css_animation=&#8221;&#8221;][\/vc_column_inner][\/vc_row_inner]<\/div>[vc_empty_space height=&#8221;80px&#8221;][\/vc_column][\/vc_row][vc_row css_animation=&#8221;&#8221; row_type=&#8221;row&#8221; use_row_as_full_screen_section=&#8221;no&#8221; type=&#8221;grid&#8221; angled_section=&#8221;no&#8221; text_align=&#8221;left&#8221; background_image=&#8221;4662&#8243; background_image_as_pattern=&#8221;without_pattern&#8221; z_index=&#8221;&#8221; el_class=&#8221;lista-atributos&#8221;][vc_column][vc_empty_space height=&#8221;30px&#8221;][qode_elements_holder number_of_columns=&#8221;three_columns&#8221; three_columns_proportion=&#8221;50_25_25&#8243;][qode_elements_holder_item item_padding=&#8221;50px 0 0 0&#8243; vertical_alignment=&#8221;top&#8221; advanced_animations=&#8221;no&#8221;][vc_column_text]<\/p>\n<div style=\"max-width: 400px; margin: 0 auto;\">\n<h3 style=\"color: #fff; font-weight: 300; margin-bottom: 20px;\">Comece agora mesmo a planejar o destino do seu pr\u00f3ximo evento<\/h3>\n<div style=\"height: 3px; background-color: #fff; max-width: 100px;\"><\/div>\n<\/div>\n<p>[\/vc_column_text][vc_empty_space][\/qode_elements_holder_item][qode_elements_holder_item advanced_animations=&#8221;no&#8221;][vc_raw_html]JTNDcCUyMHN0eWxlJTNEJTIyY29sb3IlM0ElMjAlMjNGRkYlM0IlMjIlM0UlM0NzdHJvbmclM0VJbmZyYWVzdHJ1dHVyYSUzQyUyRnN0cm9uZyUzRSUzQyUyRnAlM0U=[\/vc_raw_html][vc_column_text]<\/p>\n<table>\n<tbody>\n<tr>\n<td><img decoding=\"async\" src=\"\/\/www.saopauloexpo.com.br\/pt\/wp-content\/uploads\/2019\/12\/icone_infraestrutura_areatotal.jpg\" alt=\"\" width=\"40\" \/><\/td>\n<td>103 mil m\u00b2 de \u00e1rea total<\/td>\n<\/tr>\n<tr>\n<td><img decoding=\"async\" src=\"\/\/www.saopauloexpo.com.br\/pt\/wp-content\/uploads\/2019\/12\/icone_infraestrutura_capacidadeinterna.jpg\" alt=\"\" width=\"40\" \/><\/td>\n<td>Capacidade interna para 14 mil pessoas<\/td>\n<\/tr>\n<tr>\n<td><img decoding=\"async\" src=\"\/\/www.saopauloexpo.com.br\/pt\/wp-content\/uploads\/2019\/12\/icone_infraestrutura_aeraexterna.jpg\" alt=\"\" width=\"40\" \/><\/td>\n<td>\u00c1rea externa para 20 mil pessoas<\/td>\n<\/tr>\n<tr>\n<td><img decoding=\"async\" src=\"\/\/www.saopauloexpo.com.br\/pt\/wp-content\/uploads\/2019\/12\/icone_infraestrutura_vagas.jpg\" alt=\"\" width=\"40\" \/><\/td>\n<td>Mais de 1400 vagas de estacionamento<\/td>\n<\/tr>\n<\/tbody>\n<\/table>\n<p>[\/vc_column_text][\/qode_elements_holder_item][qode_elements_holder_item advanced_animations=&#8221;no&#8221;][vc_raw_html el_class=&#8221;hide-infra&#8221;]JTNDcCUzRSUzQ3N0cm9uZyUzRUluZnJhZXN0cnV0dXJhJTNDJTJGc3Ryb25nJTNFJTNDJTJGcCUzRQ==[\/vc_raw_html][vc_column_text]<\/p>\n<table>\n<tbody>\n<tr>\n<td><img decoding=\"async\" src=\"\/\/www.saopauloexpo.com.br\/pt\/wp-content\/uploads\/2019\/12\/icone_infraestrutura_docas.jpg\" alt=\"\" width=\"40\" \/><\/td>\n<td>Docas com acesso independente<\/td>\n<\/tr>\n<tr>\n<td><img decoding=\"async\" src=\"\/\/www.saopauloexpo.com.br\/pt\/wp-content\/uploads\/2019\/12\/icone_infraestrutura_localizacao.jpg\" alt=\"\" width=\"40\" \/><\/td>\n<td>Localiza\u00e7\u00e3o estrat\u00e9gica<\/td>\n<\/tr>\n<tr>\n<td><img decoding=\"async\" src=\"\/\/www.saopauloexpo.com.br\/pt\/wp-content\/uploads\/2019\/12\/icone_infraestrutura_aeroportp.jpg\" alt=\"\" width=\"40\" \/><\/td>\n<td>18 km do Aeroporto Internacional de Salvador<\/td>\n<\/tr>\n<tr>\n<td><img decoding=\"async\" src=\"\/\/www.saopauloexpo.com.br\/pt\/wp-content\/uploads\/2019\/12\/icone_infraestrutura_terminal-rodoviario.jpg\" alt=\"\" width=\"40\" \/><\/td>\n<td>11 min do Terminal Rodovi\u00e1rio e 8 min do Metr\u00f4<\/td>\n<\/tr>\n<\/tbody>\n<\/table>\n<p>[\/vc_column_text][\/qode_elements_holder_item][\/qode_elements_holder][vc_empty_space height=&#8221;30px&#8221;][\/vc_column][\/vc_row][vc_row css_animation=&#8221;&#8221; row_type=&#8221;row&#8221; use_row_as_full_screen_section=&#8221;no&#8221; type=&#8221;grid&#8221; angled_section=&#8221;no&#8221; text_align=&#8221;left&#8221; background_image_as_pattern=&#8221;without_pattern&#8221; z_index=&#8221;&#8221;][vc_column][vc_empty_space height=&#8221;60px&#8221;][\/vc_column][\/vc_row][vc_row css_animation=&#8221;&#8221; row_type=&#8221;row&#8221; use_row_as_full_screen_section=&#8221;no&#8221; type=&#8221;grid&#8221; angled_section=&#8221;no&#8221; text_align=&#8221;left&#8221; background_image_as_pattern=&#8221;without_pattern&#8221; z_index=&#8221;&#8221;][vc_column width=&#8221;1\/6&#8243;][\/vc_column][vc_column width=&#8221;2\/3&#8243;][vc_column_text]<iframe src=\"https:\/\/www.youtube.com\/embed\/HBWFI3m3-3g\" width=\"560\" height=\"452\" frameborder=\"0\" allowfullscreen=\"allowfullscreen\"><\/iframe>[\/vc_column_text][vc_empty_space height=&#8221;100px&#8221;][\/vc_column][vc_column width=&#8221;1\/6&#8243;][\/vc_column][\/vc_row][vc_row css_animation=&#8221;&#8221; row_type=&#8221;row&#8221; use_row_as_full_screen_section=&#8221;no&#8221; type=&#8221;full_width&#8221; angled_section=&#8221;no&#8221; text_align=&#8221;left&#8221; background_image_as_pattern=&#8221;without_pattern&#8221; z_index=&#8221;&#8221;][vc_column][vc_raw_html]JTNDaWZyYW1lJTIwc3JjJTNEJTIyaHR0cHMlM0ElMkYlMkZ3d3cuZ29vZ2xlLmNvbSUyRm1hcHMlMkZlbWJlZCUzRnBiJTNEJTIxMW0xOCUyMTFtMTIlMjExbTMlMjExZDM2NzMuMjU2MDU0MzM1MjU1JTIxMmQtNDMuNDEwNzIzMTAwMDAwMDA2JTIxM2QtMjIuOTc3NjA5ODk5OTk5OTk3JTIxMm0zJTIxMWYwJTIxMmYwJTIxM2YwJTIxM20yJTIxMWkxMDI0JTIxMmk3NjglMjE0ZjEzLjElMjEzbTMlMjExbTIlMjExczB4OWJkYzBlNjNjN2VmMzklMjUzQTB4NDlmZGRlNGZiYmM3MmNmJTIxMnNSaW9jZW50cm8lMjE1ZTAlMjEzbTIlMjExc3B0LUJSJTIxMnNiciUyMTR2MTU1NjYzNzA1NTkyOSUyMTVtMiUyMTFzcHQtQlIlMjEyc2JyJTIyJTIwd2lkdGglM0QlMjIxMDAlMjUlMjIlMjBoZWlnaHQlM0QlMjI0NTAlMjIlMjBmcmFtZWJvcmRlciUzRCUyMjAlMjIlMjBzdHlsZSUzRCUyMmJvcmRlciUzQTAlMjIlMjBhbGxvd2Z1bGxzY3JlZW4lM0UlM0MlMkZpZnJhbWUlM0U=[\/vc_raw_html][\/vc_column][\/vc_row][vc_row css_animation=&#8221;&#8221; row_type=&#8221;row&#8221; use_row_as_full_screen_section=&#8221;no&#8221; type=&#8221;full_width&#8221; angled_section=&#8221;no&#8221; text_align=&#8221;left&#8221; background_image_as_pattern=&#8221;without_pattern&#8221;][vc_column][vc_empty_space height=&#8221;60px&#8221;][vc_column_text]<\/p>\n<h3 class=\"subtitulos\">Entre em contato com a nossa equipe para mais informa\u00e7\u00f5es<\/h3>\n<p>[\/vc_column_text][vc_empty_space height=&#8221;50px&#8221;][\/vc_column][\/vc_row][vc_row css_animation=&#8221;&#8221; row_type=&#8221;row&#8221; use_row_as_full_screen_section=&#8221;no&#8221; type=&#8221;grid&#8221; angled_section=&#8221;no&#8221; text_align=&#8221;left&#8221; background_image_as_pattern=&#8221;without_pattern&#8221; z_index=&#8221;&#8221;][vc_column width=&#8221;1\/6&#8243;][\/vc_column][vc_column width=&#8221;2\/3&#8243;][vc_row_inner row_type=&#8221;row&#8221; type=&#8221;full_width&#8221; text_align=&#8221;left&#8221; css_animation=&#8221;&#8221;][vc_column_inner][vc_column_text]<\/p>\n<div class=\"rj-bloco-contato\">\n<h4>Centro de Conven\u00e7\u00f5es de Salvador<\/h4>\n<p>Av. Octavio Mangabeira &#8211; Boca do Rio Salvador -BA, 41710-755<br \/>\n<a href=\"tel:+552124301750\">+55 11 5067.1717<\/a><br \/>\n<a href=\"mailto:silvana.gomes@glbr.com.br\" target=\"_blank\" rel=\"noopener noreferrer\">silvana.gomes@glbr.com.br<\/a><\/p>\n<\/div>\n<p>[\/vc_column_text][vc_empty_space height=&#8221;30px&#8221;][\/vc_column_inner][\/vc_row_inner][vc_empty_space height=&#8221;80px&#8221;][\/vc_column][vc_column width=&#8221;1\/6&#8243;][\/vc_column][\/vc_row]<\/p>\n<\/div>","protected":false},"excerpt":{"rendered":"<p>[vc_row css_animation=&#8221;&#8221; row_type=&#8221;row&#8221; use_row_as_full_screen_section=&#8221;no&#8221; type=&#8221;full_width&#8221; angled_section=&#8221;no&#8221; text_align=&#8221;left&#8221; background_image=&#8221;4549&#8243; background_image_as_pattern=&#8221;without_pattern&#8221; z_index=&#8221;&#8221;][vc_column][vc_empty_space height=&#8221;350px&#8221;][vc_row_inner row_type=&#8221;row&#8221; type=&#8221;full_width&#8221; text_align=&#8221;left&#8221; css_animation=&#8221;&#8221; css=&#8221;.vc_custom_1555965932490{background-color: rgba(216,215,219,0.95) !important;*background-color: rgb(216,215,219) !important;}&#8221;][vc_column_inner width=&#8221;1\/12&#8243;][\/vc_column_inner][vc_column_inner width=&#8221;10\/12&#8243;][vc_empty_space height=&#8221;50px&#8221;][vc_column_text] DESTINO SALVADOR [\/vc_column_text][vc_separator type=&#8221;normal&#8221; color=&#8221;#333333&#8243; el_class=&#8221;divisor-preto-curto&#8221;][vc_column_text] J\u00e1 pensou fazer seu evento na quarta maior metr\u00f3pole do Brasil, famosa por seus pontos tur\u00edsticos&#8230;<\/p>\n","protected":false},"author":1,"featured_media":0,"parent":0,"menu_order":0,"comment_status":"closed","ping_status":"closed","template":"full_width.php","meta":{"footnotes":""},"class_list":["post-4512","page","type-page","status-publish","hentry"],"_links":{"self":[{"href":"https:\/\/www.saopauloexpo.com.br\/pt\/wp-json\/wp\/v2\/pages\/4512","targetHints":{"allow":["GET"]}}],"collection":[{"href":"https:\/\/www.saopauloexpo.com.br\/pt\/wp-json\/wp\/v2\/pages"}],"about":[{"href":"https:\/\/www.saopauloexpo.com.br\/pt\/wp-json\/wp\/v2\/types\/page"}],"author":[{"embeddable":true,"href":"https:\/\/www.saopauloexpo.com.br\/pt\/wp-json\/wp\/v2\/users\/1"}],"replies":[{"embeddable":true,"href":"https:\/\/www.saopauloexpo.com.br\/pt\/wp-json\/wp\/v2\/comments?post=4512"}],"version-history":[{"count":22,"href":"https:\/\/www.saopauloexpo.com.br\/pt\/wp-json\/wp\/v2\/pages\/4512\/revisions"}],"predecessor-version":[{"id":4663,"href":"https:\/\/www.saopauloexpo.com.br\/pt\/wp-json\/wp\/v2\/pages\/4512\/revisions\/4663"}],"wp:attachment":[{"href":"https:\/\/www.saopauloexpo.com.br\/pt\/wp-json\/wp\/v2\/media?parent=4512"}],"curies":[{"name":"wp","href":"https:\/\/api.w.org\/{rel}","templated":true}]}}