{"id":3225,"date":"2019-01-28T09:52:40","date_gmt":"2019-01-28T11:52:40","guid":{"rendered":"https:\/\/www.saopauloexpo.com.br\/pt\/?page_id=3225"},"modified":"2023-01-31T15:56:46","modified_gmt":"2023-01-31T18:56:46","slug":"feiras-exposicoes","status":"publish","type":"page","link":"https:\/\/www.saopauloexpo.com.br\/pt\/organizador\/feiras-exposicoes\/","title":{"rendered":"Feiras &#038; Exposi\u00e7\u00f5es"},"content":{"rendered":"<div class=\"wpb-content-wrapper\"><p>[vc_row css_animation=&#8221;&#8221; row_type=&#8221;row&#8221; use_row_as_full_screen_section=&#8221;no&#8221; type=&#8221;full_width&#8221; angled_section=&#8221;no&#8221; text_align=&#8221;left&#8221; background_image=&#8221;3233&#8243; background_image_as_pattern=&#8221;without_pattern&#8221; z_index=&#8221;&#8221; css=&#8221;.vc_custom_1548676315110{padding-top: 100px !important;padding-bottom: 100px !important;}&#8221;][vc_column width=&#8221;1\/6&#8243;][\/vc_column][vc_column width=&#8221;2\/3&#8243;][vc_column_text]<\/p>\n<h1 style=\"text-align: center;\"><span style=\"color: #ffffff;\"><strong>FEIRAS &amp; EXPOSI\u00c7\u00d5ES<\/strong><\/span><\/h1>\n<p>[\/vc_column_text][vc_separator type=&#8221;normal&#8221; el_class=&#8221;divisor-preto-curto&#8221;][vc_column_text]<\/p>\n<p style=\"text-align: center;\"><span style=\"color: #ffffff;\">Modernidade, praticidade e versatilidade. Conte com ambientes que combinam multifuncionalidade com design arquitet\u00f4nico inovador. Obtenha alto desempenho operacional e aumente a performance dos seus eventos.<\/span><\/p>\n<p>[\/vc_column_text][\/vc_column][vc_column width=&#8221;1\/6&#8243;][\/vc_column][\/vc_row][vc_row css_animation=&#8221;&#8221; row_type=&#8221;row&#8221; use_row_as_full_screen_section=&#8221;no&#8221; type=&#8221;grid&#8221; angled_section=&#8221;no&#8221; text_align=&#8221;left&#8221; background_image_as_pattern=&#8221;without_pattern&#8221; css=&#8221;.vc_custom_1548329130048{padding-top: 100px !important;padding-bottom: 40px !important;}&#8221; z_index=&#8221;&#8221;][vc_column width=&#8221;1\/2&#8243;][qode_elements_holder number_of_columns=&#8221;two_columns&#8221; custom_class=&#8221;espacamento-elemento-holder&#8221;][qode_elements_holder_item advanced_animations=&#8221;no&#8221;][vc_single_image image=&#8221;3699&#8243; img_size=&#8221;full&#8221; qode_css_animation=&#8221;&#8221;][\/qode_elements_holder_item][qode_elements_holder_item background_color=&#8221;#ffffff&#8221; item_padding=&#8221;0px 20px 0px 20px&#8221; advanced_animations=&#8221;no&#8221; custom_class=&#8221;texto-elemento-holder&#8221;][vc_column_text]<\/p>\n<h3>100 MIL M\u00b2 MODULADOS<\/h3>\n<p>Pavilh\u00f5es modulares de 14 mil m\u00b2 a 4 mil m\u00b2 com possibilidades de eventos simult\u00e2neos.[\/vc_column_text][\/qode_elements_holder_item][\/qode_elements_holder][qode_elements_holder number_of_columns=&#8221;two_columns&#8221; custom_class=&#8221;espacamento-elemento-holder&#8221;][qode_elements_holder_item advanced_animations=&#8221;no&#8221;][vc_single_image image=&#8221;3701&#8243; img_size=&#8221;full&#8221; qode_css_animation=&#8221;&#8221;][\/qode_elements_holder_item][qode_elements_holder_item background_color=&#8221;#ffffff&#8221; item_padding=&#8221;0px 20px 0px 20px&#8221; advanced_animations=&#8221;no&#8221; custom_class=&#8221;texto-elemento-holder&#8221;][vc_column_text]<\/p>\n<h3>34 SALAS PARA CONGRESSOS E REUNI\u00d5ES<\/h3>\n<p>Salas modulares com capacidade para at\u00e9 3.200 pessoas em audit\u00f3rio.[\/vc_column_text][\/qode_elements_holder_item][\/qode_elements_holder][\/vc_column][vc_column width=&#8221;1\/2&#8243;][qode_elements_holder number_of_columns=&#8221;two_columns&#8221; custom_class=&#8221;espacamento-elemento-holder&#8221;][qode_elements_holder_item advanced_animations=&#8221;no&#8221;][vc_single_image image=&#8221;3700&#8243; img_size=&#8221;full&#8221; qode_css_animation=&#8221;&#8221;][\/qode_elements_holder_item][qode_elements_holder_item background_color=&#8221;#ffffff&#8221; item_padding=&#8221;0px 20px 0px 20px&#8221; advanced_animations=&#8221;no&#8221; custom_class=&#8221;texto-elemento-holder&#8221;][vc_column_text]<\/p>\n<h3>8 PAVILH\u00d5ES CLIMATIZADOS<\/h3>\n<p>Infraestrutura completa e arquitetura moderna com ambientes flex\u00edveis.[\/vc_column_text][\/qode_elements_holder_item][\/qode_elements_holder][qode_elements_holder number_of_columns=&#8221;two_columns&#8221; custom_class=&#8221;espacamento-elemento-holder&#8221;][qode_elements_holder_item advanced_animations=&#8221;no&#8221;][vc_single_image image=&#8221;3702&#8243; img_size=&#8221;full&#8221; qode_css_animation=&#8221;&#8221;][\/qode_elements_holder_item][qode_elements_holder_item background_color=&#8221;#ffffff&#8221; item_padding=&#8221;0px 20px 0px 20px&#8221; advanced_animations=&#8221;no&#8221; custom_class=&#8221;texto-elemento-holder&#8221;][vc_column_text]<\/p>\n<h3>50 MIL M\u00b2 DE \u00c1REA EXTERNA<\/h3>\n<p>Amplo espa\u00e7o para abrigar exposi\u00e7\u00f5es, test-drives, lan\u00e7amentos de produtos e outras a\u00e7\u00f5es ao ar livre.[\/vc_column_text][\/qode_elements_holder_item][\/qode_elements_holder][\/vc_column][\/vc_row][vc_row css_animation=&#8221;&#8221; row_type=&#8221;row&#8221; use_row_as_full_screen_section=&#8221;no&#8221; type=&#8221;grid&#8221; angled_section=&#8221;no&#8221; text_align=&#8221;left&#8221; background_image_as_pattern=&#8221;without_pattern&#8221; z_index=&#8221;&#8221; el_class=&#8221;linha-botoes-vermelhos&#8221;][vc_column width=&#8221;1\/4&#8243;][\/vc_column][vc_column width=&#8221;1\/4&#8243;][vc_single_image image=&#8221;3264&#8243; img_size=&#8221;full&#8221; onclick=&#8221;custom_link&#8221; qode_css_animation=&#8221;&#8221; link=&#8221;https:\/\/www.saopauloexpo.com.br\/pt\/espacos-versateis\/&#8221;][vc_empty_space height=&#8221;30px&#8221;][\/vc_column][vc_column width=&#8221;1\/4&#8243;][vc_single_image image=&#8221;3265&#8243; img_size=&#8221;full&#8221; onclick=&#8221;custom_link&#8221; qode_css_animation=&#8221;&#8221; link=&#8221;https:\/\/www.saopauloexpo.com.br\/pt\/contato\/&#8221;][vc_empty_space height=&#8221;30px&#8221;][\/vc_column][vc_column width=&#8221;1\/4&#8243;][\/vc_column][\/vc_row][vc_row css_animation=&#8221;&#8221; row_type=&#8221;row&#8221; use_row_as_full_screen_section=&#8221;no&#8221; type=&#8221;grid&#8221; angled_section=&#8221;no&#8221; text_align=&#8221;left&#8221; background_image_as_pattern=&#8221;without_pattern&#8221; z_index=&#8221;&#8221;][vc_column][vc_column_text]<\/p>\n<h5 style=\"text-align: center;\">AQUI VOC\u00ca ENCONTRA INFRAESTRUTURA E SERVI\u00c7OS COMPLETOS<\/h5>\n<p>[\/vc_column_text][vc_separator type=&#8221;normal&#8221; color=&#8221;#000000&#8243; el_class=&#8221;divisor-preto-curto&#8221;][vc_column_text]<\/p>\n<p style=\"text-align: center;\">Escolha o S\u00e3o Paulo Expo como o destino para seu pr\u00f3ximo evento.<\/p>\n<p>[\/vc_column_text][vc_empty_space height=&#8221;70px&#8221;][\/vc_column][\/vc_row][vc_row css_animation=&#8221;&#8221; row_type=&#8221;row&#8221; use_row_as_full_screen_section=&#8221;no&#8221; type=&#8221;grid&#8221; angled_section=&#8221;no&#8221; text_align=&#8221;left&#8221; background_image_as_pattern=&#8221;without_pattern&#8221; z_index=&#8221;&#8221; css=&#8221;.vc_custom_1548250499425{padding-bottom: 80px !important;}&#8221;][vc_column width=&#8221;1\/3&#8243;][vc_single_image image=&#8221;3230&#8243; img_size=&#8221;full&#8221; onclick=&#8221;custom_link&#8221; qode_css_animation=&#8221;&#8221; link=&#8221;https:\/\/www.saopauloexpo.com.br\/pt\/alimentos-bebidas-organizador\/&#8221;][\/vc_column][vc_column width=&#8221;1\/3&#8243;][vc_single_image image=&#8221;3232&#8243; img_size=&#8221;full&#8221; onclick=&#8221;custom_link&#8221; qode_css_animation=&#8221;&#8221; link=&#8221;https:\/\/www.saopauloexpo.com.br\/pt\/solucoes-para-eventos-organizador\/&#8221;][\/vc_column][vc_column width=&#8221;1\/3&#8243;][vc_single_image image=&#8221;3231&#8243; img_size=&#8221;full&#8221; onclick=&#8221;custom_link&#8221; qode_css_animation=&#8221;&#8221; link=&#8221;https:\/\/www.saopauloexpo.com.br\/pt\/planeje-sua-visita\/&#8221;][\/vc_column][\/vc_row][vc_row css_animation=&#8221;&#8221; row_type=&#8221;row&#8221; use_row_as_full_screen_section=&#8221;no&#8221; type=&#8221;grid&#8221; angled_section=&#8221;no&#8221; text_align=&#8221;center&#8221; background_image_as_pattern=&#8221;without_pattern&#8221; css=&#8221;.vc_custom_1548255470180{padding-bottom: 100px !important;}&#8221; z_index=&#8221;&#8221; el_class=&#8221;botoes-cinza&#8221;][vc_column width=&#8221;1\/12&#8243;][\/vc_column][vc_column width=&#8221;5\/6&#8243;][vc_row_inner row_type=&#8221;row&#8221; type=&#8221;full_width&#8221; text_align=&#8221;center&#8221; css_animation=&#8221;&#8221;][vc_column_inner width=&#8221;1\/4&#8243;][vc_raw_html]JTNDZGl2JTIwY2xhc3MlM0QlMjJib3Rhby1zb2NpYWxjdWx0dXJhbC1jdWx0dXJhbC1kaXYlMjIlM0UlM0NhJTIwaHJlZiUzRCUyMmh0dHBzJTNBJTJGJTJGd3d3LnNhb3BhdWxvZXhwby5jb20uYnIlMkZwdCUyRm9yZ2FuaXphZG9yJTJGc29jaWFpc2N1bHR1cmFpcyUyRiUyMiUyMGNsYXNzJTNEJTIyYm90YW8tZXhwb3NpdG9yJTIyJTNFJTNDaW1nJTIwc3JjJTNEJTIyaHR0cHMlM0ElMkYlMkZ3d3cuc2FvcGF1bG9leHBvLmNvbS5iciUyRnB0JTJGd3AtY29udGVudCUyRnVwbG9hZHMlMkYyMDE5JTJGMDElMkZldmVudG9zLWN1bHR1cmFpcy1lLXNvY2lhaXNfY2luemEuanBnJTIyJTNFJTNDJTJGYSUzRSUzQyUyRmRpdiUzRQ==[\/vc_raw_html][\/vc_column_inner][vc_column_inner width=&#8221;1\/4&#8243;][vc_raw_html]JTNDZGl2JTIwY2xhc3MlM0QlMjJib3Rhby1zb2NpYWxjdWx0dXJhbC1jb3Jwb3JhdGl2by1kaXYlMjIlM0UlM0NhJTIwaHJlZiUzRCUyMmh0dHBzJTNBJTJGJTJGd3d3LnNhb3BhdWxvZXhwby5jb20uYnIlMkZwdCUyRm9yZ2FuaXphZG9yJTJGY29ycG9yYXRpdm9zJTJGJTIyJTIwY2xhc3MlM0QlMjJib3Rhby1leHBvc2l0b3IlMjIlM0UlM0NpbWclMjBzcmMlM0QlMjJodHRwcyUzQSUyRiUyRnd3dy5zYW9wYXVsb2V4cG8uY29tLmJyJTJGcHQlMkZ3cC1jb250ZW50JTJGdXBsb2FkcyUyRjIwMTklMkYwMSUyRmV2ZW50b3MtY29ycG9yYXRpdm9zX2NpbnphLmpwZyUyMiUzRSUzQyUyRmElM0UlM0MlMkZkaXYlM0U=[\/vc_raw_html][\/vc_column_inner][vc_column_inner width=&#8221;1\/4&#8243;][vc_raw_html]JTNDZGl2JTIwY2xhc3MlM0QlMjJib3Rhby1zb2NpYWxjdWx0dXJhbC1mZWlyYXMtZGl2JTIyJTNFJTNDYSUyMGhyZWYlM0QlMjJodHRwcyUzQSUyRiUyRnd3dy5zYW9wYXVsb2V4cG8uY29tLmJyJTJGcHQlMkZvcmdhbml6YWRvciUyRmZlaXJhcy1leHBvc2ljb2VzJTJGJTIyJTIwY2xhc3MlM0QlMjJib3Rhby1leHBvc2l0b3IlMjIlM0UlM0NpbWclMjBzcmMlM0QlMjJodHRwcyUzQSUyRiUyRnd3dy5zYW9wYXVsb2V4cG8uY29tLmJyJTJGcHQlMkZ3cC1jb250ZW50JTJGdXBsb2FkcyUyRjIwMTklMkYwMSUyRmZlaXJhcy1lLWV4cG9zaWNvZXNfY2luemEuanBnJTIyJTNFJTNDJTJGYSUzRSUzQyUyRmRpdiUzRQ==[\/vc_raw_html][\/vc_column_inner][vc_column_inner width=&#8221;1\/4&#8243;][vc_raw_html]JTNDZGl2JTIwY2xhc3MlM0QlMjJib3Rhby1zb2NpYWxjdWx0dXJhbC1jb25ncmVzc29zLWRpdiUyMiUzRSUzQ2ElMjBocmVmJTNEJTIyaHR0cHMlM0ElMkYlMkZ3d3cuc2FvcGF1bG9leHBvLmNvbS5iciUyRnB0JTJGb3JnYW5pemFkb3IlMkZjb25ncmVzc29zLXNlbWluYXJpb3MlMkYlMjIlMjBjbGFzcyUzRCUyMmJvdGFvLWV4cG9zaXRvciUyMiUzRSUzQ2ltZyUyMHNyYyUzRCUyMmh0dHBzJTNBJTJGJTJGd3d3LnNhb3BhdWxvZXhwby5jb20uYnIlMkZwdCUyRndwLWNvbnRlbnQlMkZ1cGxvYWRzJTJGMjAxOSUyRjAxJTJGY29uZ3Jlc3Nvcy1lLXNlbWluYXJpb3NfY2luemEuanBnJTIyJTNFJTNDJTJGYSUzRSUzQyUyRmRpdiUzRQ==[\/vc_raw_html][\/vc_column_inner][\/vc_row_inner][\/vc_column][vc_column width=&#8221;1\/12&#8243;][\/vc_column][\/vc_row]<\/p>\n<\/div>","protected":false},"excerpt":{"rendered":"<p>[vc_row css_animation=&#8221;&#8221; row_type=&#8221;row&#8221; use_row_as_full_screen_section=&#8221;no&#8221; type=&#8221;full_width&#8221; angled_section=&#8221;no&#8221; text_align=&#8221;left&#8221; background_image=&#8221;3233&#8243; background_image_as_pattern=&#8221;without_pattern&#8221; z_index=&#8221;&#8221; css=&#8221;.vc_custom_1548676315110{padding-top: 100px !important;padding-bottom: 100px !important;}&#8221;][vc_column width=&#8221;1\/6&#8243;][\/vc_column][vc_column width=&#8221;2\/3&#8243;][vc_column_text] FEIRAS &amp; EXPOSI\u00c7\u00d5ES [\/vc_column_text][vc_separator type=&#8221;normal&#8221; el_class=&#8221;divisor-preto-curto&#8221;][vc_column_text] Modernidade, praticidade e versatilidade. Conte com ambientes que combinam multifuncionalidade com design arquitet\u00f4nico inovador. Obtenha alto desempenho operacional e aumente a performance&#8230;<\/p>\n","protected":false},"author":1,"featured_media":0,"parent":5363,"menu_order":0,"comment_status":"closed","ping_status":"closed","template":"full_width.php","meta":{"footnotes":""},"class_list":["post-3225","page","type-page","status-publish","hentry"],"_links":{"self":[{"href":"https:\/\/www.saopauloexpo.com.br\/pt\/wp-json\/wp\/v2\/pages\/3225","targetHints":{"allow":["GET"]}}],"collection":[{"href":"https:\/\/www.saopauloexpo.com.br\/pt\/wp-json\/wp\/v2\/pages"}],"about":[{"href":"https:\/\/www.saopauloexpo.com.br\/pt\/wp-json\/wp\/v2\/types\/page"}],"author":[{"embeddable":true,"href":"https:\/\/www.saopauloexpo.com.br\/pt\/wp-json\/wp\/v2\/users\/1"}],"replies":[{"embeddable":true,"href":"https:\/\/www.saopauloexpo.com.br\/pt\/wp-json\/wp\/v2\/comments?post=3225"}],"version-history":[{"count":5,"href":"https:\/\/www.saopauloexpo.com.br\/pt\/wp-json\/wp\/v2\/pages\/3225\/revisions"}],"predecessor-version":[{"id":6212,"href":"https:\/\/www.saopauloexpo.com.br\/pt\/wp-json\/wp\/v2\/pages\/3225\/revisions\/6212"}],"up":[{"embeddable":true,"href":"https:\/\/www.saopauloexpo.com.br\/pt\/wp-json\/wp\/v2\/pages\/5363"}],"wp:attachment":[{"href":"https:\/\/www.saopauloexpo.com.br\/pt\/wp-json\/wp\/v2\/media?parent=3225"}],"curies":[{"name":"wp","href":"https:\/\/api.w.org\/{rel}","templated":true}]}}